{"id":911,"date":"2026-03-05T14:02:58","date_gmt":"2026-03-05T13:02:58","guid":{"rendered":"https:\/\/www.ignitera.com\/?post_type=event_listing&#038;p=911"},"modified":"2026-03-18T17:56:51","modified_gmt":"2026-03-18T16:56:51","slug":"lyon-cyber-expo-2026","status":"publish","type":"event_listing","link":"https:\/\/www.ignitera.com\/fr_fr\/\u00e9v\u00e8nement\/lyon-cyber-expo-2026\/","title":{"rendered":"Lyon Cyber Expo 2026"},"content":{"rendered":"\n<p><\/p>\n\n\n\n<p><\/p>\n\n\n\n<p>Lyon Cyber Expo est devenu un rendez\u2011vous important pour les acteurs de la cybers\u00e9curit\u00e9, r\u00e9unissant entreprises, experts, d\u00e9cideurs et innovateurs autour des enjeux majeurs de la s\u00e9curit\u00e9 num\u00e9rique. L\u2019\u00e9v\u00e9nement met en lumi\u00e8re les nouvelles technologies, les bonnes pratiques et les solutions qui fa\u00e7onnent l\u2019avenir du cyber en France et en Europe.<\/p>\n\n\n\n<p><strong>Ignitera participera \u00e0 Lyon Cyber Expo<\/strong>, afin d\u2019accompagner les organisations dans leurs enjeux de croissance, de transformation et de s\u00e9curisation de leurs environnements num\u00e9riques. Notre pr\u00e9sence sera l\u2019occasion d\u2019\u00e9changer avec les acteurs du secteur, de partager notre vision strat\u00e9gique et d\u2019explorer de nouvelles opportunit\u00e9s de collaboration.<\/p>\n\n\n\n<p>Au c\u0153ur de l\u2019\u00e9cosyst\u00e8me lyonnais, cet \u00e9v\u00e9nement repr\u00e9sente une opportunit\u00e9 id\u00e9ale pour renforcer les liens entre professionnels, d\u00e9couvrir les tendances \u00e9mergentes et identifier les leviers permettant aux entreprises d\u2019acc\u00e9l\u00e9rer leur d\u00e9veloppement dans un contexte num\u00e9rique de plus en plus exigeant.<\/p>\n\n\n\n<p>Si vous souhaitez comprendre comment optimiser votre strat\u00e9gie cyber, d\u00e9velopper votre pr\u00e9sence sur le march\u00e9 ou \u00e9changer sur vos enjeux, nous serons ravis de vous rencontrer lors de Lyon Cyber Expo.<\/p>\n\n\n\n<p><strong>Ignitera sera pr\u00e9sent pour avancer \u00e0 vos c\u00f4t\u00e9s.<\/strong><\/p>\n\n\n\n<figure class=\"wp-block-image aligncenter size-full is-resized is-style-rounded\"><img loading=\"lazy\" decoding=\"async\" width=\"990\" height=\"248\" src=\"https:\/\/www.ignitera.com\/wp-content\/uploads\/2026\/03\/Banniere-LinkedIn-professionnel-creatif-design-moderne-et-simple-colore-5.png\" alt=\"\" class=\"wp-image-957\" style=\"aspect-ratio:3.9921176292254055;width:303px;height:auto\" srcset=\"https:\/\/www.ignitera.com\/wp-content\/uploads\/2026\/03\/Banniere-LinkedIn-professionnel-creatif-design-moderne-et-simple-colore-5.png 990w, https:\/\/www.ignitera.com\/wp-content\/uploads\/2026\/03\/Banniere-LinkedIn-professionnel-creatif-design-moderne-et-simple-colore-5-980x245.png 980w, https:\/\/www.ignitera.com\/wp-content\/uploads\/2026\/03\/Banniere-LinkedIn-professionnel-creatif-design-moderne-et-simple-colore-5-480x120.png 480w\" sizes=\"(min-width: 0px) and (max-width: 480px) 480px, (min-width: 481px) and (max-width: 980px) 980px, (min-width: 981px) 990px, 100vw\" \/><\/figure>\n\n\n\n<figure class=\"wp-block-image aligncenter size-full is-resized is-style-rounded\"><img loading=\"lazy\" decoding=\"async\" width=\"990\" height=\"248\" src=\"https:\/\/www.ignitera.com\/wp-content\/uploads\/2026\/03\/Banniere-LinkedIn-professionnel-creatif-design-moderne-et-simple-colore-1-3.png\" alt=\"\" class=\"wp-image-959\" style=\"aspect-ratio:3.9921176292254055;width:308px;height:auto\" srcset=\"https:\/\/www.ignitera.com\/wp-content\/uploads\/2026\/03\/Banniere-LinkedIn-professionnel-creatif-design-moderne-et-simple-colore-1-3.png 990w, https:\/\/www.ignitera.com\/wp-content\/uploads\/2026\/03\/Banniere-LinkedIn-professionnel-creatif-design-moderne-et-simple-colore-1-3-980x245.png 980w, https:\/\/www.ignitera.com\/wp-content\/uploads\/2026\/03\/Banniere-LinkedIn-professionnel-creatif-design-moderne-et-simple-colore-1-3-480x120.png 480w\" sizes=\"(min-width: 0px) and (max-width: 480px) 480px, (min-width: 481px) and (max-width: 980px) 980px, (min-width: 981px) 990px, 100vw\" \/><\/figure>\n","protected":false},"featured_media":932,"template":"","meta":{"_et_pb_use_builder":"","_et_pb_old_content":"","_et_gb_content_width":"","content-type":""},"event_listing_category":[],"event_listing_type":[],"class_list":["post-911","event_listing","type-event_listing","status-publish","has-post-thumbnail","hentry"],"yoast_head":"<!-- This site is optimized with the Yoast SEO plugin v26.9 - https:\/\/yoast.com\/product\/yoast-seo-wordpress\/ -->\n<title>Lyon Cyber Expo 2026 -<\/title>\n<meta name=\"description\" content=\"Ignitera participera \u00e0 Lyon Cyber Expo, afin d\u2019accompagner les organisations dans leurs enjeux de croissance, de transformation et de s\u00e9curisation de leurs environnements num\u00e9riques\" \/>\n<meta name=\"robots\" content=\"index, follow, max-snippet:-1, max-image-preview:large, max-video-preview:-1\" \/>\n<link rel=\"canonical\" href=\"https:\/\/www.ignitera.com\/fr_fr\/\u00e9v\u00e8nement\/lyon-cyber-expo-2026\/\" \/>\n<meta property=\"og:locale\" content=\"fr_FR\" \/>\n<meta property=\"og:type\" content=\"article\" \/>\n<meta property=\"og:title\" content=\"Lyon Cyber Expo 2026 -\" \/>\n<meta property=\"og:description\" content=\"Ignitera participera \u00e0 Lyon Cyber Expo, afin d\u2019accompagner les organisations dans leurs enjeux de croissance, de transformation et de s\u00e9curisation de leurs environnements num\u00e9riques\" \/>\n<meta property=\"og:url\" content=\"https:\/\/www.ignitera.com\/fr_fr\/\u00e9v\u00e8nement\/lyon-cyber-expo-2026\/\" \/>\n<meta property=\"article:modified_time\" content=\"2026-03-18T16:56:51+00:00\" \/>\n<meta property=\"og:image\" content=\"https:\/\/www.ignitera.com\/wp-content\/uploads\/2026\/03\/7.jpg\" \/>\n\t<meta property=\"og:image:width\" content=\"706\" \/>\n\t<meta property=\"og:image:height\" content=\"353\" \/>\n\t<meta property=\"og:image:type\" content=\"image\/jpeg\" \/>\n<meta name=\"twitter:card\" content=\"summary_large_image\" \/>\n<meta name=\"twitter:label1\" content=\"Dur\u00e9e de lecture estim\u00e9e\" \/>\n\t<meta name=\"twitter:data1\" content=\"2 minutes\" \/>\n<script type=\"application\/ld+json\" class=\"yoast-schema-graph\">{\"@context\":\"https:\/\/schema.org\",\"@graph\":[{\"@type\":\"WebPage\",\"@id\":\"https:\/\/www.ignitera.com\/\u00e9v\u00e8nement\/lyon-cyber-expo-2026\/\",\"url\":\"https:\/\/www.ignitera.com\/\u00e9v\u00e8nement\/lyon-cyber-expo-2026\/\",\"name\":\"Lyon Cyber Expo 2026 -\",\"isPartOf\":{\"@id\":\"https:\/\/www.ignitera.com\/#website\"},\"primaryImageOfPage\":{\"@id\":\"https:\/\/www.ignitera.com\/\u00e9v\u00e8nement\/lyon-cyber-expo-2026\/#primaryimage\"},\"image\":{\"@id\":\"https:\/\/www.ignitera.com\/\u00e9v\u00e8nement\/lyon-cyber-expo-2026\/#primaryimage\"},\"thumbnailUrl\":\"https:\/\/www.ignitera.com\/wp-content\/uploads\/2026\/03\/7.jpg\",\"datePublished\":\"2026-03-05T13:02:58+00:00\",\"dateModified\":\"2026-03-18T16:56:51+00:00\",\"description\":\"Ignitera participera \u00e0 Lyon Cyber Expo, afin d\u2019accompagner les organisations dans leurs enjeux de croissance, de transformation et de s\u00e9curisation de leurs environnements num\u00e9riques\",\"breadcrumb\":{\"@id\":\"https:\/\/www.ignitera.com\/\u00e9v\u00e8nement\/lyon-cyber-expo-2026\/#breadcrumb\"},\"inLanguage\":\"fr-FR\",\"potentialAction\":[{\"@type\":\"ReadAction\",\"target\":[\"https:\/\/www.ignitera.com\/\u00e9v\u00e8nement\/lyon-cyber-expo-2026\/\"]}]},{\"@type\":\"ImageObject\",\"inLanguage\":\"fr-FR\",\"@id\":\"https:\/\/www.ignitera.com\/\u00e9v\u00e8nement\/lyon-cyber-expo-2026\/#primaryimage\",\"url\":\"https:\/\/www.ignitera.com\/wp-content\/uploads\/2026\/03\/7.jpg\",\"contentUrl\":\"https:\/\/www.ignitera.com\/wp-content\/uploads\/2026\/03\/7.jpg\",\"width\":706,\"height\":353},{\"@type\":\"BreadcrumbList\",\"@id\":\"https:\/\/www.ignitera.com\/\u00e9v\u00e8nement\/lyon-cyber-expo-2026\/#breadcrumb\",\"itemListElement\":[{\"@type\":\"ListItem\",\"position\":1,\"name\":\"Accueil\",\"item\":\"https:\/\/www.ignitera.com\/\"},{\"@type\":\"ListItem\",\"position\":2,\"name\":\"Lyon Cyber Expo 2026\"}]},{\"@type\":\"WebSite\",\"@id\":\"https:\/\/www.ignitera.com\/#website\",\"url\":\"https:\/\/www.ignitera.com\/\",\"name\":\"Ignitera\",\"description\":\"\",\"publisher\":{\"@id\":\"https:\/\/www.ignitera.com\/#organization\"},\"potentialAction\":[{\"@type\":\"SearchAction\",\"target\":{\"@type\":\"EntryPoint\",\"urlTemplate\":\"https:\/\/www.ignitera.com\/?s={search_term_string}\"},\"query-input\":{\"@type\":\"PropertyValueSpecification\",\"valueRequired\":true,\"valueName\":\"search_term_string\"}}],\"inLanguage\":\"fr-FR\"},{\"@type\":\"Organization\",\"@id\":\"https:\/\/www.ignitera.com\/#organization\",\"name\":\"Ignitera\",\"url\":\"https:\/\/www.ignitera.com\/\",\"logo\":{\"@type\":\"ImageObject\",\"inLanguage\":\"fr-FR\",\"@id\":\"https:\/\/www.ignitera.com\/#\/schema\/logo\/image\/\",\"url\":\"https:\/\/www.ignitera.com\/wp-content\/uploads\/2025\/04\/Logo-ignitera-scaled.png\",\"contentUrl\":\"https:\/\/www.ignitera.com\/wp-content\/uploads\/2025\/04\/Logo-ignitera-scaled.png\",\"width\":2560,\"height\":676,\"caption\":\"Ignitera\"},\"image\":{\"@id\":\"https:\/\/www.ignitera.com\/#\/schema\/logo\/image\/\"}}]}<\/script>\n<!-- \/ Yoast SEO plugin. -->","yoast_head_json":{"title":"Lyon Cyber Expo 2026 -","description":"Ignitera participera \u00e0 Lyon Cyber Expo, afin d\u2019accompagner les organisations dans leurs enjeux de croissance, de transformation et de s\u00e9curisation de leurs environnements num\u00e9riques","robots":{"index":"index","follow":"follow","max-snippet":"max-snippet:-1","max-image-preview":"max-image-preview:large","max-video-preview":"max-video-preview:-1"},"canonical":"https:\/\/www.ignitera.com\/fr_fr\/\u00e9v\u00e8nement\/lyon-cyber-expo-2026\/","og_locale":"fr_FR","og_type":"article","og_title":"Lyon Cyber Expo 2026 -","og_description":"Ignitera participera \u00e0 Lyon Cyber Expo, afin d\u2019accompagner les organisations dans leurs enjeux de croissance, de transformation et de s\u00e9curisation de leurs environnements num\u00e9riques","og_url":"https:\/\/www.ignitera.com\/fr_fr\/\u00e9v\u00e8nement\/lyon-cyber-expo-2026\/","article_modified_time":"2026-03-18T16:56:51+00:00","og_image":[{"width":706,"height":353,"url":"https:\/\/www.ignitera.com\/wp-content\/uploads\/2026\/03\/7.jpg","type":"image\/jpeg"}],"twitter_card":"summary_large_image","twitter_misc":{"Dur\u00e9e de lecture estim\u00e9e":"2 minutes"},"schema":{"@context":"https:\/\/schema.org","@graph":[{"@type":"WebPage","@id":"https:\/\/www.ignitera.com\/\u00e9v\u00e8nement\/lyon-cyber-expo-2026\/","url":"https:\/\/www.ignitera.com\/\u00e9v\u00e8nement\/lyon-cyber-expo-2026\/","name":"Lyon Cyber Expo 2026 -","isPartOf":{"@id":"https:\/\/www.ignitera.com\/#website"},"primaryImageOfPage":{"@id":"https:\/\/www.ignitera.com\/\u00e9v\u00e8nement\/lyon-cyber-expo-2026\/#primaryimage"},"image":{"@id":"https:\/\/www.ignitera.com\/\u00e9v\u00e8nement\/lyon-cyber-expo-2026\/#primaryimage"},"thumbnailUrl":"https:\/\/www.ignitera.com\/wp-content\/uploads\/2026\/03\/7.jpg","datePublished":"2026-03-05T13:02:58+00:00","dateModified":"2026-03-18T16:56:51+00:00","description":"Ignitera participera \u00e0 Lyon Cyber Expo, afin d\u2019accompagner les organisations dans leurs enjeux de croissance, de transformation et de s\u00e9curisation de leurs environnements num\u00e9riques","breadcrumb":{"@id":"https:\/\/www.ignitera.com\/\u00e9v\u00e8nement\/lyon-cyber-expo-2026\/#breadcrumb"},"inLanguage":"fr-FR","potentialAction":[{"@type":"ReadAction","target":["https:\/\/www.ignitera.com\/\u00e9v\u00e8nement\/lyon-cyber-expo-2026\/"]}]},{"@type":"ImageObject","inLanguage":"fr-FR","@id":"https:\/\/www.ignitera.com\/\u00e9v\u00e8nement\/lyon-cyber-expo-2026\/#primaryimage","url":"https:\/\/www.ignitera.com\/wp-content\/uploads\/2026\/03\/7.jpg","contentUrl":"https:\/\/www.ignitera.com\/wp-content\/uploads\/2026\/03\/7.jpg","width":706,"height":353},{"@type":"BreadcrumbList","@id":"https:\/\/www.ignitera.com\/\u00e9v\u00e8nement\/lyon-cyber-expo-2026\/#breadcrumb","itemListElement":[{"@type":"ListItem","position":1,"name":"Accueil","item":"https:\/\/www.ignitera.com\/"},{"@type":"ListItem","position":2,"name":"Lyon Cyber Expo 2026"}]},{"@type":"WebSite","@id":"https:\/\/www.ignitera.com\/#website","url":"https:\/\/www.ignitera.com\/","name":"Ignitera","description":"","publisher":{"@id":"https:\/\/www.ignitera.com\/#organization"},"potentialAction":[{"@type":"SearchAction","target":{"@type":"EntryPoint","urlTemplate":"https:\/\/www.ignitera.com\/?s={search_term_string}"},"query-input":{"@type":"PropertyValueSpecification","valueRequired":true,"valueName":"search_term_string"}}],"inLanguage":"fr-FR"},{"@type":"Organization","@id":"https:\/\/www.ignitera.com\/#organization","name":"Ignitera","url":"https:\/\/www.ignitera.com\/","logo":{"@type":"ImageObject","inLanguage":"fr-FR","@id":"https:\/\/www.ignitera.com\/#\/schema\/logo\/image\/","url":"https:\/\/www.ignitera.com\/wp-content\/uploads\/2025\/04\/Logo-ignitera-scaled.png","contentUrl":"https:\/\/www.ignitera.com\/wp-content\/uploads\/2025\/04\/Logo-ignitera-scaled.png","width":2560,"height":676,"caption":"Ignitera"},"image":{"@id":"https:\/\/www.ignitera.com\/#\/schema\/logo\/image\/"}}]}},"_links":{"self":[{"href":"https:\/\/www.ignitera.com\/fr_fr\/wp-json\/wp\/v2\/event_listing\/911","targetHints":{"allow":["GET"]}}],"collection":[{"href":"https:\/\/www.ignitera.com\/fr_fr\/wp-json\/wp\/v2\/event_listing"}],"about":[{"href":"https:\/\/www.ignitera.com\/fr_fr\/wp-json\/wp\/v2\/types\/event_listing"}],"wp:featuredmedia":[{"embeddable":true,"href":"https:\/\/www.ignitera.com\/fr_fr\/wp-json\/wp\/v2\/media\/932"}],"wp:attachment":[{"href":"https:\/\/www.ignitera.com\/fr_fr\/wp-json\/wp\/v2\/media?parent=911"}],"wp:term":[{"taxonomy":"event_listing_category","embeddable":true,"href":"https:\/\/www.ignitera.com\/fr_fr\/wp-json\/wp\/v2\/event_listing_category?post=911"},{"taxonomy":"event_listing_type","embeddable":true,"href":"https:\/\/www.ignitera.com\/fr_fr\/wp-json\/wp\/v2\/event_listing_type?post=911"}],"curies":[{"name":"wp","href":"https:\/\/api.w.org\/{rel}","templated":true}]}}